{"id":177,"date":"2025-04-20T08:34:32","date_gmt":"2025-04-20T08:34:32","guid":{"rendered":"https:\/\/www.duyudil.com.tr\/?page_id=177"},"modified":"2025-04-20T08:34:32","modified_gmt":"2025-04-20T08:34:32","slug":"zihinsel-yetersizlik-destek-egitim-programi","status":"publish","type":"page","link":"https:\/\/www.duyudil.com.tr\/?page_id=177","title":{"rendered":"Z\u0130H\u0130NSEL YETERS\u0130ZL\u0130K DESTEK E\u011e\u0130T\u0130M PROGRAMI"},"content":{"rendered":"\n<p class=\"has-foreground-color has-text-color has-link-color wp-elements-aed3f295b17c425da5c380e994c5c78c\">Zihinsel i\u015flevler ile kavramsal, sosyal ve pratik uyum becerilerinde yetersizli\u011fi nedeniyle \u00f6zel e\u011fitim ve destek e\u011fitim hizmetlerine s\u0131n\u0131rl\u0131 d\u00fczeyde ihtiya\u00e7 duyan bireylere gerekli e\u011fitimin verildi\u011fi programd\u0131r.<\/p>\n\n\n\n<p class=\"has-foreground-color has-text-color has-link-color wp-elements-1c784543ee686edc6deb4cbf7c73973c\">Zihinsel&nbsp;i\u015flevler ile kavramsal, sosyal ve pratik uyum becerilerinde&nbsp;yetersizli\u011fi nedeniyle \u00f6zel e\u011fitim ve destek e\u011fitim hizmetlerine s\u0131n\u0131rl\u0131&nbsp;d\u00fczeyde&nbsp;ihtiya\u00e7 duyan bireylere gerekli e\u011fitimin verildi\u011fi programd\u0131r. Genetik fakt\u00f6rler, annenin ila\u00e7, madde veya t\u00fct\u00fcn kullanmas\u0131, do\u011fum komplikasyonlar\u0131, ate\u015fli hastal\u0131klar gibi bir\u00e7ok farkl\u0131 nedenden dolay\u0131 ortaya \u00e7\u0131kabilir. Zihinsel yetersizli\u011fi olan \u00e7ocuklar bili\u015fsel ve sosyal olarak ya\u015f\u0131tlar\u0131ndan geriden gelirler. Rehabilitasyon merkezlerinde ise \u00e7ocu\u011fun b\u00fct\u00fcnsel geli\u015fimini destekleyen faaliyetlerle \u00e7ocu\u011fun geli\u015fimi h\u0131zland\u0131r\u0131labilir.&nbsp;<\/p>\n","protected":false},"excerpt":{"rendered":"<p>Zihinsel i\u015flevler ile kavramsal, sosyal ve pratik uyum becerilerinde yetersizli\u011fi nedeniyle \u00f6zel e\u011fitim ve destek e\u011fitim hizmetlerine s\u0131n\u0131rl\u0131 d\u00fczeyde ihtiya\u00e7 duyan bireylere gerekli e\u011fitimin verildi\u011fi programd\u0131r. Zihinsel&nbsp;i\u015flevler ile kavramsal, sosyal [&hellip;]<\/p>\n","protected":false},"author":1,"featured_media":132,"parent":0,"menu_order":0,"comment_status":"closed","ping_status":"closed","template":"","meta":{"footnotes":""},"class_list":["post-177","page","type-page","status-publish","has-post-thumbnail","hentry"],"_links":{"self":[{"href":"https:\/\/www.duyudil.com.tr\/index.php?rest_route=\/wp\/v2\/pages\/177","targetHints":{"allow":["GET"]}}],"collection":[{"href":"https:\/\/www.duyudil.com.tr\/index.php?rest_route=\/wp\/v2\/pages"}],"about":[{"href":"https:\/\/www.duyudil.com.tr\/index.php?rest_route=\/wp\/v2\/types\/page"}],"author":[{"embeddable":true,"href":"https:\/\/www.duyudil.com.tr\/index.php?rest_route=\/wp\/v2\/users\/1"}],"replies":[{"embeddable":true,"href":"https:\/\/www.duyudil.com.tr\/index.php?rest_route=%2Fwp%2Fv2%2Fcomments&post=177"}],"version-history":[{"count":1,"href":"https:\/\/www.duyudil.com.tr\/index.php?rest_route=\/wp\/v2\/pages\/177\/revisions"}],"predecessor-version":[{"id":179,"href":"https:\/\/www.duyudil.com.tr\/index.php?rest_route=\/wp\/v2\/pages\/177\/revisions\/179"}],"wp:featuredmedia":[{"embeddable":true,"href":"https:\/\/www.duyudil.com.tr\/index.php?rest_route=\/wp\/v2\/media\/132"}],"wp:attachment":[{"href":"https:\/\/www.duyudil.com.tr\/index.php?rest_route=%2Fwp%2Fv2%2Fmedia&parent=177"}],"curies":[{"name":"wp","href":"https:\/\/api.w.org\/{rel}","templated":true}]}}